{"id":73,"date":"2013-08-30T11:21:37","date_gmt":"2013-08-30T11:21:37","guid":{"rendered":"http:\/\/www.gesvesextra.be\/?page_id=73"},"modified":"2021-01-18T13:57:26","modified_gmt":"2021-01-18T13:57:26","slug":"coordination-atl","status":"publish","type":"page","link":"https:\/\/www.gesvesextra.be\/?page_id=73","title":{"rendered":"Coordination ATL"},"content":{"rendered":"<p style=\"text-align: center;\">Le 16 mars 2007, la Commune de Gesves \u00ab\u00a0entrait\u00a0\u00bb dans le d\u00e9cret ATL accompagn\u00e9 par l&rsquo;ONE, relatif \u00e0 la coordination de l&rsquo;accueil des <b>enfants de 2,5 \u00e0 12<\/b> <b>ans<\/b> durant leur temps libre et au soutien de l&rsquo;accueil extrascolaire.<br \/><a href=\"http:\/\/www.one.be\/parents\/accueil-temps-libre\/\">Infos\u00a0 PARENTS<\/a> (ONE)\u00a0 \u00a0 <a href=\"http:\/\/www.one.be\/index.php?id=2439\">Infos aux PROFESSIONNELS<\/a> (ONE)<\/p>\n<p>\u00a0<\/p>\n<p><b>4 objectifs de ce d\u00e9cret<\/b> : l&rsquo;\u00e9panouissement global des enfants, la coh\u00e9sion sociale, la facilitation et consolidation de la vie familiale ainsi que la qualit\u00e9 de l&rsquo;accueil. \u00a0\u00a0\u00a0\u00a0\u00a0\u00a0\u00a0\u00a0\u00a0\u00a0\u00a0\u00a0\u00a0\u00a0\u00a0\u00a0\u00a0\u00a0\u00a0\u00a0\u00a0\u00a0\u00a0\u00a0\u00a0\u00a0\u00a0\u00a0\u00a0\u00a0\u00a0\u00a0\u00a0\u00a0\u00a0\u00a0\u00a0\u00a0\u00a0\u00a0\u00a0\u00a0\u00a0\u00a0\u00a0\u00a0\u00a0\u00a0\u00a0\u00a0\u00a0\u00a0\u00a0\u00a0\u00a0\u00a0\u00a0\u00a0\u00a0\u00a0\u00a0\u00a0\u00a0\u00a0\u00a0\u00a0\u00a0\u00a0\u00a0\u00a0\u00a0\u00a0.<\/p>\n<p>Un \u00e9tat des lieux a alors permis de mettre en \u00e9vidence les besoins sp\u00e9cifiques de la commune en mati\u00e8re d\u2019accueil :<\/p>\n<ul>\n<li>Renforcer qualitativement l\u2019accueil des enfants\u00a0 au sein des \u00e9coles\u00a0;<\/li>\n<li>Inclure les initiatives existantes\u00a0 \u00ab\u00a0hors infrastructures scolaires \u00bb\u00a0;<\/li>\n<li>D\u00e9velopper quantitativement l\u2019offre extrascolaire et soutenir de nouvelles initiatives.<\/li>\n<\/ul>\n<p><b><a href=\"http:\/\/www.coalanet.org\/extrascolaire\/coordo-atl\/\">L\u2019asbl COALA est conventionn\u00e9e avec la commune<\/a> et l\u2019ONE pour assumer la Coordination de l\u2019Accueil durant le Temps Libre.<br \/><\/b><\/p>\n<p><a href=\"http:\/\/www.gesvesextra.be\/wp-content\/uploads\/2019\/03\/triptyque2.pdf\">Flyer \u00e9dit\u00e9 pour pr\u00e9senter l&rsquo;ATL<\/a>&#8230;<\/p>\n<p><b><span style=\"text-decoration: underline;\">Contacts\u00a0<\/span>:\u00a0\u00a0<\/b><\/p>\n<ul>\n<li><b>Christophe Duez \u00a0\u00a0 \u00a0 \u00a0 \u00a00476 968 428 \u00a0 \u00a0 \u00a0<a href=\"christophe@coala.be\" target=\"_blank\" rel=\"noopener noreferrer\">christophe@coala.be<\/a>\u00a0\u00a0\u00a0\u00a0\u00a0\u00a0\u00a0\u00a0\u00a0\u00a0\u00a0\u00a0\u00a0\u00a0\u00a0\u00a0\u00a0\u00a0\u00a0<\/b><\/li>\n<li><b>Olivier Geerkens\u00a0\u00a0\u00a0\u00a0\u00a0\u00a0\u00a0\u00a0 0476 968 430\u00a0\u00a0\u00a0\u00a0\u00a0 <a href=\"mailto:olivier@coala.be\">olivier@coala.be<\/a><\/b><\/li>\n<\/ul>\n<p style=\"text-align: center;\">\u00a0<a href=\"http:\/\/www.gesvesextra.be\/wp-content\/uploads\/2014\/09\/Coord-ATL.jpg\"><img loading=\"lazy\" decoding=\"async\" class=\"alignnone size-full wp-image-301\" src=\"http:\/\/www.gesvesextra.be\/wp-content\/uploads\/2014\/09\/Coord-ATL.jpg\" alt=\"Coord ATL\" width=\"234\" height=\"220\" \/><\/a><\/p>\n<p>Permanence \u00e0 l\u2019administration communale les \u00a0mardis et vendredis.<\/p>\n<p>La Commission Communale de l\u2019Accueil (<b>CCA<\/b>) est actuellement pr\u00e9sid\u00e9e par l\u2019\u00e9chevine Mich\u00e8le Visart.<br \/><em><a href=\"http:\/\/www.gesvesextra.be\/wp-content\/uploads\/2019\/03\/Compo-2019.pdf\"><span style=\"text-decoration: underline;\"><span style=\"color: #ff0000; text-decoration: underline;\">Composition de la CCA<\/span><\/span><\/a><span style=\"color: #ff0000;\">\u00a0\u00a0\u00a0\u00a0\u00a0<\/span> <a href=\"http:\/\/www.gesvesextra.be\/wp-content\/uploads\/2019\/03\/ROI-CCA-2019.pdf\"><span style=\"text-decoration: underline;\"><span style=\"color: #ff0000; text-decoration: underline;\">R.O.I. de la CCA<\/span><\/span><\/a><\/em><\/p>\n<p>Par le pass\u00e9, elle a valid\u00e9\u00a0:<\/p>\n<ul>\n<li>La cr\u00e9ation de l\u2019asbl\u00a0 Gesves EXTRA reprenant tous les op\u00e9rateurs extrascolaires pour une meilleure\u00a0\u00a0 coordination\u00a0;<\/li>\n<li>L\u2019\u00e9dition et la\u00a0\u00a0diffusion de la <a href=\"http:\/\/www.gesvesextra.be\/wp-content\/uploads\/2016\/10\/Brochure_ATL_FINAL.pdf\">brochure<\/a>\u00a0reprenant tous les accueils organis\u00e9s \u00e0\u00a0\u00a0Gesves\u00a0;<\/li>\n<li>L\u2019organisation d\u2019une\u00a0\u00a0journ\u00e9e d\u2019animation inter-r\u00e9seaux en Juin de chaque ann\u00e9e\u00a0;<\/li>\n<li>Un projet de\u00a0\u00a0Coordination Locale pour l\u2019Enfance (<b>Programme CLE<\/b>) pour 5 ans, celui de 2017-2022 qui a \u00e9t\u00e9 r\u00e9cemment agr\u00e9\u00e9 par l\u2019ONE\u00a0\u00a0a notamment comme objectifs :\n<ul>\n<li>La qualit\u00e9 des\u00a0accueils, notamment via la formation des accueillant-e-s<\/li>\n<li>La diversit\u00e9 de\u00a0l\u2019offre d\u2019accueil<\/li>\n<li>L\u2019information aux\u00a0\u00a0parents<\/li>\n<\/ul>\n<\/li>\n<\/ul>\n<p><em><a href=\"http:\/\/www.gesvesextra.be\/wp-content\/uploads\/2018\/09\/Contenu-CLE.pdf\" target=\"_blank\" rel=\"noopener noreferrer\"><span style=\"text-decoration: underline;\"><span style=\"color: #ff0000; text-decoration: underline;\">Programme CLE 2017-2022<\/span><\/span><\/a>\u00a0 \u00a0 \u00a0\u00a0<\/em><\/p>\n<p>La coordination ATL est \u00e9galement l\u00e0 pour r\u00e9pondre aux questions des parents, des animateurs ainsi que de toute personne agissant (ou voulant agir) dans le secteur de l\u2019ATL.<br \/>Nous pouvons aussi vous conseiller pour les formations qualifiantes ou non dans ce Secteur (d\u00e8s 16 ans).<\/p>\n<p style=\"text-align: justify;\"><a href=\"http:\/\/www.gesvesextra.be\/wp-content\/uploads\/2018\/09\/logo_COALAtransparence.png\"><img loading=\"lazy\" decoding=\"async\" class=\" wp-image-829 alignleft\" src=\"http:\/\/www.gesvesextra.be\/wp-content\/uploads\/2018\/09\/logo_COALAtransparence.png\" alt=\"\" width=\"96\" height=\"140\" \/><\/a><a href=\"http:\/\/www.coala.be\" target=\"_blank\" rel=\"noopener noreferrer\">L\u2019asbl COALA<\/a>, conventionn\u00e9e avec la commune de Gesves et l\u2019ONE, pour la Coordination ATL est un Service de jeunesse et un Organisme de formation reconnu par la F\u00e9d\u00e9ration Wallonie-Bruxelles et l\u2019ONE, actif dans le secteur extrascolaire\u00a0 au sens large\u00a0: \u00ab\u00a0Tout espace-temps collectif, durant lequel un enfant, un jeune participe \u00e0 des animations encadr\u00e9es avec des animateurs qualifi\u00e9s.\u00a0\u00bb<\/p>\n<p><span style=\"color: #ff0000;\"><strong>PV de CCA<\/strong><\/span> <em>(Mise \u00e0 jour des PV avant 2017 en cours)<\/em><\/p>\n<p style=\"padding-left: 40px;\"><a href=\"http:\/\/www.gesvesextra.be\/wp-content\/uploads\/2019\/03\/190321-PV-CCA-non-approuve.pdf\">21\/03\/2019<\/a> (non approuv\u00e9)\u00a0 \u00a0 \u00a0 \u00a0 \u00a0<\/p>\n<p style=\"padding-left: 40px;\"><a href=\"http:\/\/www.gesvesextra.be\/wp-content\/uploads\/2019\/03\/181120-PV-CCA.pdf\">20\/11\/2018<\/a>\u00a0 \u00a0 \u00a0 \u00a0 \u00a0 \u00a0 \u00a0 \u00a0 <a href=\"http:\/\/www.gesvesextra.be\/wp-content\/uploads\/2019\/03\/180612-PV-CCA.pdf\">12\/06\/2018<\/a>\u00a0 \u00a0 \u00a0 \u00a0 \u00a0 \u00a0 \u00a0 <a href=\"http:\/\/www.gesvesextra.be\/wp-content\/uploads\/2019\/03\/180322-PV-CCA.pdf\">22\/03\/2018<\/a>\u00a0<\/p>\n<p style=\"padding-left: 40px;\"><a href=\"http:\/\/www.gesvesextra.be\/wp-content\/uploads\/2019\/03\/171107-PV-CCA.pdf\">07\/11\/2017<\/a>\u00a0 \u00a0 \u00a0 \u00a0 \u00a0 \u00a0 \u00a0 \u00a0<a href=\"http:\/\/www.gesvesextra.be\/wp-content\/uploads\/2019\/03\/171017-PV-CCA.pdf\">17\/10\/2017<\/a>\u00a0 \u00a0 \u00a0 \u00a0 \u00a0 \u00a0 \u00a0 <a href=\"http:\/\/www.gesvesextra.be\/wp-content\/uploads\/2019\/03\/170608-PV-CCA.pdf\">\u00a008\/06\/2017<\/a> \u00a0 \u00a0 \u00a0 \u00a0 \u00a0<a href=\"http:\/\/www.gesvesextra.be\/wp-content\/uploads\/2019\/03\/170221-PV-CCA.pdf\">21\/02\/2017<\/a><\/p>\n<p>\u00a0<\/p>\n<p>\u00a0<\/p>\n<p>\u00a0<\/p>\n<p>\u00a0<\/p>\n<p>\u00a0<\/p>\n\n\n<p><\/p>\n","protected":false},"excerpt":{"rendered":"<p>Le 16 mars 2007, la Commune de Gesves \u00ab\u00a0entrait\u00a0\u00bb dans le d\u00e9cret ATL accompagn\u00e9 par l&rsquo;ONE, relatif \u00e0 la coordination de l&rsquo;accueil des enfants de 2,5 \u00e0 12 ans durant leur temps libre et au soutien de l&rsquo;accueil extrascolaire.Infos\u00a0 PARENTS (ONE)\u00a0 \u00a0 Infos aux PROFESSIONNELS (ONE) \u00a0 4 objectifs de ce d\u00e9cret : l&rsquo;\u00e9panouissement global des enfants, la coh\u00e9sion sociale, la facilitation et consolidation de la vie familiale ainsi que la qualit\u00e9 de l&rsquo;accueil. \u00a0\u00a0\u00a0\u00a0\u00a0\u00a0\u00a0\u00a0\u00a0\u00a0\u00a0\u00a0\u00a0\u00a0\u00a0\u00a0\u00a0\u00a0\u00a0\u00a0\u00a0\u00a0\u00a0\u00a0\u00a0\u00a0\u00a0\u00a0\u00a0\u00a0\u00a0\u00a0\u00a0\u00a0\u00a0\u00a0\u00a0\u00a0\u00a0\u00a0\u00a0\u00a0\u00a0\u00a0\u00a0\u00a0\u00a0\u00a0\u00a0\u00a0\u00a0\u00a0\u00a0\u00a0\u00a0\u00a0\u00a0\u00a0\u00a0\u00a0\u00a0\u00a0\u00a0\u00a0\u00a0\u00a0\u00a0\u00a0\u00a0\u00a0\u00a0\u00a0. Un \u00e9tat des lieux a alors permis de mettre en \u00e9vidence les besoins sp\u00e9cifiques de la commune en mati\u00e8re d\u2019accueil : Renforcer qualitativement l\u2019accueil des enfants\u00a0 au sein des \u00e9coles\u00a0; Inclure les initiatives existantes\u00a0 \u00ab\u00a0hors infrastructures scolaires \u00bb\u00a0; D\u00e9velopper quantitativement l\u2019offre extrascolaire et soutenir de nouvelles initiatives. L\u2019asbl COALA est conventionn\u00e9e avec la commune et l\u2019ONE pour assumer la Coordination de l\u2019Accueil durant le Temps Libre. Flyer \u00e9dit\u00e9 pour pr\u00e9senter l&rsquo;ATL&#8230; Contacts\u00a0:\u00a0\u00a0 Christophe Duez \u00a0\u00a0 \u00a0 \u00a0 \u00a00476 968 428 \u00a0 \u00a0 \u00a0christophe@coala.be\u00a0\u00a0\u00a0\u00a0\u00a0\u00a0\u00a0\u00a0\u00a0\u00a0\u00a0\u00a0\u00a0\u00a0\u00a0\u00a0\u00a0\u00a0\u00a0 Olivier Geerkens\u00a0\u00a0\u00a0\u00a0\u00a0\u00a0\u00a0\u00a0 0476 968 430\u00a0\u00a0\u00a0\u00a0\u00a0 olivier@coala.be \u00a0 Permanence \u00e0 l\u2019administration communale les \u00a0mardis et vendredis. La Commission Communale de l\u2019Accueil (CCA) est actuellement pr\u00e9sid\u00e9e par l\u2019\u00e9chevine Mich\u00e8le Visart.Composition de la CCA\u00a0\u00a0\u00a0\u00a0\u00a0 R.O.I. de la CCA Par le pass\u00e9, elle a valid\u00e9\u00a0: La cr\u00e9ation de l\u2019asbl\u00a0 Gesves EXTRA reprenant tous les op\u00e9rateurs extrascolaires pour une meilleure\u00a0\u00a0 coordination\u00a0; L\u2019\u00e9dition et la\u00a0\u00a0diffusion de la brochure\u00a0reprenant tous les accueils organis\u00e9s \u00e0\u00a0\u00a0Gesves\u00a0; L\u2019organisation d\u2019une\u00a0\u00a0journ\u00e9e d\u2019animation inter-r\u00e9seaux en Juin de chaque ann\u00e9e\u00a0; Un projet de\u00a0\u00a0Coordination Locale pour l\u2019Enfance (Programme CLE) pour 5 ans, celui de 2017-2022 qui a \u00e9t\u00e9 r\u00e9cemment agr\u00e9\u00e9 par l\u2019ONE\u00a0\u00a0a notamment comme objectifs : La qualit\u00e9 des\u00a0accueils, notamment via la formation des accueillant-e-s La diversit\u00e9 de\u00a0l\u2019offre d\u2019accueil L\u2019information aux\u00a0\u00a0parents Programme CLE 2017-2022\u00a0 \u00a0 \u00a0\u00a0 La coordination ATL est \u00e9galement l\u00e0 pour r\u00e9pondre aux questions des parents, des animateurs ainsi que de toute personne agissant (ou voulant agir) dans le secteur de l\u2019ATL.Nous pouvons aussi vous conseiller pour les formations qualifiantes ou non dans ce Secteur (d\u00e8s 16 ans). L\u2019asbl COALA, conventionn\u00e9e avec la commune de Gesves et l\u2019ONE, pour la Coordination ATL est un Service de jeunesse et un Organisme de formation reconnu par la F\u00e9d\u00e9ration Wallonie-Bruxelles et l\u2019ONE, actif dans le secteur extrascolaire\u00a0 au sens large\u00a0: \u00ab\u00a0Tout espace-temps collectif, durant lequel un enfant, un jeune participe \u00e0 des animations encadr\u00e9es avec des animateurs qualifi\u00e9s.\u00a0\u00bb PV de CCA (Mise \u00e0 jour des PV avant 2017 en cours) 21\/03\/2019 (non approuv\u00e9)\u00a0 \u00a0 \u00a0 \u00a0 \u00a0 20\/11\/2018\u00a0 \u00a0 \u00a0 \u00a0 \u00a0 \u00a0 \u00a0 \u00a0 12\/06\/2018\u00a0 \u00a0 \u00a0 \u00a0 \u00a0 \u00a0 \u00a0 22\/03\/2018\u00a0 07\/11\/2017\u00a0 \u00a0 \u00a0 \u00a0 \u00a0 \u00a0 \u00a0 \u00a017\/10\/2017\u00a0 \u00a0 \u00a0 \u00a0 \u00a0 \u00a0 \u00a0 \u00a008\/06\/2017 \u00a0 \u00a0 \u00a0 \u00a0 \u00a021\/02\/2017 \u00a0 \u00a0 \u00a0 \u00a0 \u00a0<\/p>\n","protected":false},"author":2,"featured_media":0,"parent":0,"menu_order":0,"comment_status":"open","ping_status":"open","template":"","meta":{"footnotes":""},"class_list":["post-73","page","type-page","status-publish","hentry"],"_links":{"self":[{"href":"https:\/\/www.gesvesextra.be\/index.php?rest_route=\/wp\/v2\/pages\/73","targetHints":{"allow":["GET"]}}],"collection":[{"href":"https:\/\/www.gesvesextra.be\/index.php?rest_route=\/wp\/v2\/pages"}],"about":[{"href":"https:\/\/www.gesvesextra.be\/index.php?rest_route=\/wp\/v2\/types\/page"}],"author":[{"embeddable":true,"href":"https:\/\/www.gesvesextra.be\/index.php?rest_route=\/wp\/v2\/users\/2"}],"replies":[{"embeddable":true,"href":"https:\/\/www.gesvesextra.be\/index.php?rest_route=%2Fwp%2Fv2%2Fcomments&post=73"}],"version-history":[{"count":27,"href":"https:\/\/www.gesvesextra.be\/index.php?rest_route=\/wp\/v2\/pages\/73\/revisions"}],"predecessor-version":[{"id":1249,"href":"https:\/\/www.gesvesextra.be\/index.php?rest_route=\/wp\/v2\/pages\/73\/revisions\/1249"}],"wp:attachment":[{"href":"https:\/\/www.gesvesextra.be\/index.php?rest_route=%2Fwp%2Fv2%2Fmedia&parent=73"}],"curies":[{"name":"wp","href":"https:\/\/api.w.org\/{rel}","templated":true}]}}